{"id":846,"date":"2023-12-12T12:02:04","date_gmt":"2023-12-12T11:02:04","guid":{"rendered":"https:\/\/lorga.es\/index.php\/postvenda\/"},"modified":"2023-12-18T07:51:44","modified_gmt":"2023-12-18T07:51:44","slug":"postvenda","status":"publish","type":"page","link":"https:\/\/lorga.es\/gl\/postvenda\/","title":{"rendered":"Postvenda"},"content":{"rendered":"<p>[et_pb_section fb_built=&#8221;1&#8243; admin_label=&#8221;Hero&#8221; _builder_version=&#8221;4.23.1&#8243; background_color=&#8221;#000000&#8243; use_background_color_gradient=&#8221;on&#8221; background_color_gradient_direction=&#8221;118deg&#8221; background_color_gradient_stops=&#8221;#063661 0%|rgba(43,78,136,0.67) 100%&#8221; background_color_gradient_overlays_image=&#8221;on&#8221; background_color_gradient_start=&#8221;#063661&#8243; background_color_gradient_end=&#8221;rgba(43,78,136,0.67)&#8221; background_image=&#8221;http:\/\/lorga.es\/wp-content\/uploads\/2023\/12\/car-dealer-35.jpg&#8221; custom_padding=&#8221;|0px||0px|false|false&#8221; bottom_divider_style=&#8221;slant2&#8243; bottom_divider_color=&#8221;#faa152&#8243; bottom_divider_height=&#8221;69px&#8221; bottom_divider_flip=&#8221;vertical&#8221; bottom_divider_height_tablet=&#8221;&#8221; bottom_divider_height_phone=&#8221;90px&#8221; bottom_divider_height_last_edited=&#8221;on|desktop&#8221; global_colors_info=&#8221;{}&#8221;][et_pb_row use_custom_gutter=&#8221;on&#8221; gutter_width=&#8221;1&#8243; _builder_version=&#8221;4.23.1&#8243; custom_padding=&#8221;|||&#8221; use_custom_width=&#8221;on&#8221; custom_width_px=&#8221;1440px&#8221; global_colors_info=&#8221;{}&#8221;][et_pb_column type=&#8221;4_4&#8243; _builder_version=&#8221;4.16&#8243; custom_padding=&#8221;||40px|&#8221; custom_padding_tablet=&#8221;||0px|&#8221; custom_padding_phone=&#8221;||0px|&#8221; custom_padding_last_edited=&#8221;on|tablet&#8221; global_colors_info=&#8221;{}&#8221; padding_tablet=&#8221;||0px|&#8221; padding_last_edited=&#8221;on|tablet&#8221; custom_padding__hover=&#8221;|||&#8221; padding_phone=&#8221;||0px|&#8221;][et_pb_text _builder_version=&#8221;4.23.1&#8243; text_font=&#8221;||||||||&#8221; header_font=&#8221;||||||||&#8221; header_font_size=&#8221;70px&#8221; header_line_height=&#8221;1.2em&#8221; header_2_font=&#8221;||||||||&#8221; background_layout=&#8221;dark&#8221; module_alignment=&#8221;left&#8221; animation_style=&#8221;fade&#8221; header_font_size_tablet=&#8221;50px&#8221; header_font_size_phone=&#8221;34px&#8221; header_font_size_last_edited=&#8221;on|phone&#8221; global_colors_info=&#8221;{}&#8221;]<\/p>\n<h1>Postvenda<\/h1>\n<p>[\/et_pb_text][\/et_pb_column][\/et_pb_row][\/et_pb_section][et_pb_section fb_built=&#8221;1&#8243; _builder_version=&#8221;4.23.1&#8243; _module_preset=&#8221;default&#8221; background_color=&#8221;#f5f6f7&#8243; global_colors_info=&#8221;{}&#8221;][et_pb_row _builder_version=&#8221;4.23.1&#8243; _module_preset=&#8221;default&#8221; background_color=&#8221;#FFFFFF&#8221; global_colors_info=&#8221;{}&#8221;][et_pb_column type=&#8221;4_4&#8243; _builder_version=&#8221;4.23.1&#8243; _module_preset=&#8221;default&#8221; global_colors_info=&#8221;{}&#8221;][et_pb_blurb title=&#8221;Servizo e mantemento&#8221; use_icon=&#8221;on&#8221; font_icon=&#8221;&#xe07b;||divi||400&#8243; icon_color=&#8221;#063476&#8243; image_icon_width=&#8221;32px&#8221; _builder_version=&#8221;4.23.1&#8243; header_level=&#8221;h3&#8243; header_font=&#8221;||||||||&#8221; header_text_align=&#8221;center&#8221; header_letter_spacing=&#8221;1px&#8221; header_line_height=&#8221;1.6em&#8221; body_font=&#8221;||||||||&#8221; body_text_align=&#8221;left&#8221; background_color=&#8221;#FFFFFF&#8221; text_orientation=&#8221;center&#8221; custom_margin=&#8221;|||&#8221; custom_margin_tablet=&#8221;||20px|&#8221; custom_margin_phone=&#8221;&#8221; custom_margin_last_edited=&#8221;on|phone&#8221; custom_padding=&#8221;2vw|2vw|2vw|2vw|true|true&#8221; header_font_size_last_edited=&#8221;off|desktop&#8221; icon_font_size=&#8221;32px&#8221; locked=&#8221;off&#8221; global_colors_info=&#8221;{}&#8221;]<\/p>\n<p>O servizo de mantemento de Ford d\u00e1che tranquilidade ao saber que todo o traballo \u00e9 realizado por t\u00e9cnicos formados por Ford que utilizan pezas aut\u00e9nticas de Ford. E, ademais, introducimos unha serie de funci\u00f3ns adicionais para que te\u00f1as a\u00ednda m\u00e1is tranquilidade mentres mantenemos o teu veh\u00edculo.<br \/>Refer\u00edmonos a vantaxes como o noso servizo Ford Express, co que garante que ter\u00e1 o seu coche o m\u00e1is r\u00e1pido posible, xa que o traballo \u00e9 realizado por dous t\u00e9cnicos simultaneamente para maximizar a eficiencia.<\/p>\n<p>[\/et_pb_blurb][et_pb_button button_url=&#8221;#contacto&#8221; button_text=&#8221;Solicitar cita&#8221; button_alignment=&#8221;center&#8221; _builder_version=&#8221;4.23.1&#8243; custom_button=&#8221;on&#8221; button_text_size=&#8221;14px&#8221; button_text_color=&#8221;#063476&#8243; button_bg_color=&#8221;rgba(0,0,0,0.03)&#8221; button_border_width=&#8221;0px&#8221; button_border_radius=&#8221;0px&#8221; button_font=&#8221;|600||on|||||&#8221; button_use_icon=&#8221;off&#8221; background_layout=&#8221;dark&#8221; custom_margin=&#8221;|||&#8221; custom_padding=&#8221;16px|32px|16px|32px|true|true&#8221; locked=&#8221;off&#8221; global_colors_info=&#8221;{}&#8221; button_text_size__hover_enabled=&#8221;off&#8221; button_one_text_size__hover_enabled=&#8221;off&#8221; button_two_text_size__hover_enabled=&#8221;off&#8221; button_text_color__hover_enabled=&#8221;off&#8221; button_one_text_color__hover_enabled=&#8221;off&#8221; button_two_text_color__hover_enabled=&#8221;off&#8221; button_border_width__hover_enabled=&#8221;off&#8221; button_one_border_width__hover_enabled=&#8221;off&#8221; button_two_border_width__hover_enabled=&#8221;off&#8221; button_border_color__hover_enabled=&#8221;off&#8221; button_one_border_color__hover_enabled=&#8221;off&#8221; button_two_border_color__hover_enabled=&#8221;off&#8221; button_border_radius__hover_enabled=&#8221;off&#8221; button_one_border_radius__hover_enabled=&#8221;off&#8221; button_two_border_radius__hover_enabled=&#8221;off&#8221; button_letter_spacing__hover_enabled=&#8221;off&#8221; button_one_letter_spacing__hover_enabled=&#8221;off&#8221; button_two_letter_spacing__hover_enabled=&#8221;off&#8221; button_bg_color__hover_enabled=&#8221;off&#8221; button_one_bg_color__hover_enabled=&#8221;off&#8221; button_two_bg_color__hover_enabled=&#8221;off&#8221;][\/et_pb_button][\/et_pb_column][\/et_pb_row][et_pb_row column_structure=&#8221;1_2,1_2&#8243; _builder_version=&#8221;4.23.1&#8243; _module_preset=&#8221;default&#8221; global_colors_info=&#8221;{}&#8221;][et_pb_column type=&#8221;1_2&#8243; _builder_version=&#8221;4.23.1&#8243; _module_preset=&#8221;default&#8221; global_colors_info=&#8221;{}&#8221;][et_pb_blurb title=&#8221;Revisi\u00f3n oficial&#8221; use_icon=&#8221;on&#8221; font_icon=&#8221;&#xe07b;||divi||400&#8243; icon_color=&#8221;#063476&#8243; image_icon_width=&#8221;32px&#8221; _builder_version=&#8221;4.23.1&#8243; header_level=&#8221;h3&#8243; header_font=&#8221;||||||||&#8221; header_text_align=&#8221;center&#8221; header_letter_spacing=&#8221;1px&#8221; header_line_height=&#8221;1.6em&#8221; body_font=&#8221;||||||||&#8221; body_text_align=&#8221;left&#8221; background_color=&#8221;#FFFFFF&#8221; text_orientation=&#8221;center&#8221; custom_margin=&#8221;||0px||false|false&#8221; custom_margin_tablet=&#8221;||20px|&#8221; custom_margin_phone=&#8221;&#8221; custom_margin_last_edited=&#8221;on|phone&#8221; custom_padding=&#8221;2vw|2vw|2vw|2vw|true|true&#8221; header_font_size_last_edited=&#8221;off|desktop&#8221; icon_font_size=&#8221;32px&#8221; locked=&#8221;off&#8221; global_colors_info=&#8221;{}&#8221;]<\/p>\n<p>A Inspecci\u00f3n Oficial axuda a manter o teu Ford en perfecto estado e reduce o risco de reparaci\u00f3ns imprevistas. Por iso, recomend\u00e1mosche realizar un mantemento peri\u00f3dico do teu coche.<br \/>Atopar\u00e1s os intervalos de mantemento recomendados para o teu Ford na carteira de servizos que se proporciona co teu veh\u00edculo ou aqu\u00ed.<\/p>\n<p>Un servizo de inspecci\u00f3n oficial de Ford significa:<\/p>\n<ul>\n<li>Tranquilidade na t\u00faa conduci\u00f3n<\/li>\n<li>Que a garant\u00eda do seu veh\u00edculo non se ve afectada<\/li>\n<li>Manter o valor do seu veh\u00edculo<\/li>\n<li>T\u00e9cnicos cualificados, cos medios e equipamentos m\u00e1is actualizados<\/li>\n<li>Recambios orixinais Ford<\/li>\n<li>Historial de mantemento (Rexistro de servizo dixital)<\/li>\n<\/ul>\n<p>Estaremos encantados de botarlle unha ollada ao coche para confirmar o traballo que hai que facer.<a href=\"https:\/\/www.ford.es\/propietario\/revision-y-mantenimiento\/servicio\/mi-plan-de-mantenimiento\"><\/a><\/p>\n<p>[\/et_pb_blurb][et_pb_toggle title=&#8221;Prezos transparentes dos comentarios oficiais de FORD&#8221; open_toggle_text_color=&#8221;#000000&#8243; closed_toggle_background_color=&#8221;#00095b&#8221; icon_color=&#8221;#FFFFFF&#8221; toggle_icon=&#8221;&#x43;||divi||400&#8243; _builder_version=&#8221;4.23.1&#8243; _module_preset=&#8221;default&#8221; title_text_color=&#8221;#FFFFFF&#8221; overflow-x=&#8221;scroll&#8221; custom_margin=&#8221;0px||||false|false&#8221; custom_padding=&#8221;||||false|false&#8221; border_width_all=&#8221;0px&#8221; global_colors_info=&#8221;{}&#8221;]<\/p>\n<table width=\"100%\" cellspacing=\"0\" cellpadding=\"1\" border=\"0\">\n<tbody>\n<tr>\n<td colspan=\"3\" style=\"text-align: center;\"><b>REVISI\u00d3N ANUAL OU 20.000 KM<\/b><\/td>\n<\/tr>\n<tr>\n<td valign=\"middle\"><\/td>\n<td valign=\"middle\" style=\"text-align: center;\">KA, KA+, FIESTA, FUSION, B-MAX<\/td>\n<td valign=\"middle\" style=\"text-align: center;\">FOCUS, C-MAX, ECOSPORT,<br \/>MONDEO, S-MAX,<br \/>GALAXIA, KUGA, BORDE<\/td>\n<\/tr>\n<tr>\n<td>Est\u00e1ndar<\/td>\n<td style=\"text-align: center;\">199 \u20ac<\/td>\n<td style=\"text-align: center;\">255 \u20ac<\/td>\n<\/tr>\n<tr>\n<td>Maior<\/td>\n<td style=\"text-align: center;\">299 \u20ac<\/td>\n<td style=\"text-align: center;\">345 \u20ac <sup data-acc-disclosure=\"Para los veh\u00edculos Kuga 1.5 Ecoblue \" data-acc-disclosure-action=\" \" class=\"acc-disclosure initialized\" data-analytics-cta-uid=\"undefined\" data-id=\"disclosure-2198248398940\" data-tooltip-id=\"06288443f2d79\" aria-label=\"Click here to expand the legal note\" tabindex=\"0\">1<\/sup><\/td>\n<\/tr>\n<\/tbody>\n<\/table>\n<table width=\"100%\" cellspacing=\"0\" cellpadding=\"1\" border=\"0\" style=\"width: 100%;\">\n<tbody>\n<tr>\n<td colspan=\"4\" style=\"width: 99.708%;\"><b>REVISI\u00d3N BIENAL OU 30.000 KM<\/b><\/td>\n<\/tr>\n<tr>\n<td valign=\"middle\" style=\"width: 26.2774%;\"><\/td>\n<td valign=\"middle\" style=\"width: 15.7664%;\">KA+, FESTA<\/td>\n<td valign=\"middle\" style=\"width: 32.9927%;\">FOCUS, C-MAX, ECOSPORT<\/td>\n<td valign=\"middle\" style=\"width: 24.6715%;\">MONDEO,<br \/>S-MAX, GALAXY,<br \/>KUGA, EDGE, PUMA<\/td>\n<\/tr>\n<tr>\n<td style=\"width: 26.2774%;\">Est\u00e1ndar<\/td>\n<td style=\"width: 15.7664%;\">245 \u20ac<\/td>\n<td style=\"width: 32.9927%;\">295 \u20ac<\/td>\n<td style=\"width: 24.6715%;\">295 \u20ac<\/td>\n<\/tr>\n<tr>\n<td style=\"width: 26.2774%;\">Maior<\/td>\n<td style=\"width: 15.7664%;\">360 \u20ac<\/td>\n<td style=\"width: 32.9927%;\">399 \u20ac <sup data-acc-disclosure=\"Para los veh\u00edculos Kuga 1.5\/2.0 \" data-acc-disclosure-action=\" \" class=\"acc-disclosure initialized\" data-analytics-cta-uid=\"undefined\" data-id=\"disclosure-2575312595201\" data-tooltip-id=\"9e30ea8ec08e3\" aria-label=\"Click here to expand the legal note\" tabindex=\"0\">2<\/sup><\/td>\n<td style=\"width: 24.6715%;\">399 \u20ac <sup data-acc-disclosure=\"Para los veh\u00edculos Kuga 1.5\/2.0 \" data-acc-disclosure-action=\" \" class=\"acc-disclosure initialized\" data-analytics-cta-uid=\"undefined\" data-id=\"disclosure-2532381983593\" data-tooltip-id=\"6fa7324bda71f\" aria-label=\"Click here to expand the legal note\" tabindex=\"0\">2<\/sup><\/td>\n<\/tr>\n<tr>\n<td style=\"width: 26.2774%;\">INTERMEDIO ANUAL<\/td>\n<td style=\"width: 15.7664%;\">115 \u20ac<\/td>\n<td style=\"width: 32.9927%;\">115 \u20ac<\/td>\n<td style=\"width: 24.6715%;\">130 \u20ac<\/td>\n<\/tr>\n<tr>\n<td style=\"width: 26.2774%;\">INSPECCI\u00d3N ANUAL<\/td>\n<td style=\"width: 15.7664%;\">&#8211;<\/td>\n<td style=\"width: 32.9927%;\">115 \u20ac<\/td>\n<td style=\"width: 24.6715%;\">130 \u20ac<\/td>\n<\/tr>\n<\/tbody>\n<\/table>\n<table width=\"100%\" cellspacing=\"0\" cellpadding=\"1\" border=\"0\" style=\"width: 100%; height: 99px;\">\n<tbody>\n<tr style=\"height: 24px;\">\n<td colspan=\"3\" style=\"width: 99.708%; height: 24px;\"><b>REVISI\u00d3N ANUAL DE VEH\u00cdCULOS COMERCIAIS<\/b><\/td>\n<\/tr>\n<tr style=\"height: 27px;\">\n<td style=\"height: 27px; width: 20%;\"><\/td>\n<td style=\"height: 27px; width: 40%;\">TRANSIT\/TOURNEO COURIER<\/td>\n<td style=\"height: 27px; width: 40%;\">TRANSIT\/TOURNEO CONNECT <sup data-acc-disclosure=\"Revisiones Anuales Principales\" class=\"acc-disclosure initialized\" data-acc-disclosure-action=\" \" data-analytics-cta-uid=\"undefined\" data-id=\"disclosure-1760128365897\" data-tooltip-id=\"2035be82b5ce2\" aria-label=\"Click here to expand the legal note\" tabindex=\"0\">3<\/sup><\/td>\n<\/tr>\n<tr style=\"height: 24px;\">\n<td style=\"height: 24px; width: 20%;\">Est\u00e1ndar<\/td>\n<td style=\"height: 24px; width: 40%;\">210 \u20ac<\/td>\n<td style=\"height: 24px; width: 40%;\">240 \u20ac<\/td>\n<\/tr>\n<tr style=\"height: 24px;\">\n<td style=\"height: 24px; width: 20%;\">Maior<\/td>\n<td style=\"height: 24px; width: 40%;\">380 \u20ac<\/td>\n<td style=\"height: 24px; width: 40%;\">410 \u20ac<\/td>\n<\/tr>\n<\/tbody>\n<\/table>\n<table width=\"100%\" cellspacing=\"0\" cellpadding=\"1\" border=\"0\">\n<tbody>\n<tr>\n<td colspan=\"7\"><b>REVISI\u00d3N BIENAL DE VEH\u00cdCULOS COMERCIAIS<\/b><\/td>\n<\/tr>\n<tr>\n<td><\/td>\n<td>RANGER <sup data-acc-disclosure=\"Excluye motorizaci\u00f3n 3.2 Duratorq.\" data-acc-disclosure-action=\" \" class=\"acc-disclosure initialized\" data-analytics-cta-uid=\"undefined\" data-id=\"disclosure-1891282952255\" data-tooltip-id=\"562e348c806c1\" aria-label=\"Click here to expand the legal note\" tabindex=\"0\">4<\/sup><\/td>\n<td>TRANSIT\/TOURNEO COURIER<\/td>\n<td>TRANSIT\/<br \/><sup data-acc-disclosure=\"Revisiones Anuales Principales\" class=\"acc-disclosure initialized\" data-acc-disclosure-action=\" \" data-analytics-cta-uid=\"undefined\" data-id=\"disclosure-2106720708787\" data-tooltip-id=\"e2416da7dbc7c\" aria-label=\"Click here to expand the legal note\" tabindex=\"0\">TOURNEO CONNECT3<\/sup><\/td>\n<td>TRANSIT\/TOURNEO CUSTOM<\/td>\n<td>TRANSPORTE <sup data-acc-disclosure=\"30\u20ac para veh\u00edculos con tracci\u00f3n trasera\/total.\" class=\"acc-disclosure initialized\" data-acc-disclosure-action=\" \" data-analytics-cta-uid=\"undefined\" data-id=\"disclosure-2141330259234\" data-tooltip-id=\"bbc3c453b85a1\" aria-label=\"Click here to expand the legal note\" tabindex=\"0\">5<\/sup><\/td>\n<td>TR\u00c1NSITO\/<br \/>TOURNEO CUSTOM PHEV<\/td>\n<\/tr>\n<tr>\n<td>Est\u00e1ndar<\/td>\n<td>330 \u20ac<\/td>\n<td>210 \u20ac<\/td>\n<td>295 \u20ac<\/td>\n<td>360 \u20ac<\/td>\n<td>380 \u20ac<\/td>\n<td>295 \u20ac<\/td>\n<\/tr>\n<tr>\n<td>Maior<\/td>\n<td>550 \u20ac<\/td>\n<td>380 \u20ac<\/td>\n<td>410 \u20ac<\/td>\n<td>390 \u20ac<\/td>\n<td>410 \u20ac<\/td>\n<\/tr>\n<\/tbody>\n<\/table>\n<p>Prezos m\u00e1ximos recomendados nos talleres Ford participantes. P\u00f3dense aplicar cargos adicionais debido \u00e1 ecotaxa, motores de altas prestaci\u00f3ns, veh\u00edculos con caixa de cambios Powershift, con filtro de part\u00edculas ou outros. Para obter m\u00e1is informaci\u00f3n sobre a revisi\u00f3n oficial de Ford, consulte co seu asesor.<\/p>\n<p>Prezos m\u00e1ximos recomendados todos inclu\u00eddos na Rede Ford. Para os talleres Ford participantes. Consulta as condici\u00f3ns no teu taller Ford.<\/p>\n<p>[\/et_pb_toggle][\/et_pb_column][et_pb_column type=&#8221;1_2&#8243; _builder_version=&#8221;4.23.1&#8243; _module_preset=&#8221;default&#8221; global_colors_info=&#8221;{}&#8221;][et_pb_blurb title=&#8221;Servizo econ\u00f3mico Ford&#8221; use_icon=&#8221;on&#8221; font_icon=&#8221;&#xe07b;||divi||400&#8243; icon_color=&#8221;#063476&#8243; image_icon_width=&#8221;32px&#8221; _builder_version=&#8221;4.23.1&#8243; header_level=&#8221;h3&#8243; header_font=&#8221;||||||||&#8221; header_text_align=&#8221;center&#8221; header_letter_spacing=&#8221;1px&#8221; header_line_height=&#8221;1.6em&#8221; body_font=&#8221;||||||||&#8221; body_text_align=&#8221;left&#8221; background_color=&#8221;#FFFFFF&#8221; text_orientation=&#8221;center&#8221; custom_margin=&#8221;|||&#8221; custom_margin_tablet=&#8221;||20px|&#8221; custom_margin_phone=&#8221;&#8221; custom_margin_last_edited=&#8221;on|phone&#8221; custom_padding=&#8221;2vw|2vw|2vw|2vw|true|true&#8221; header_font_size_last_edited=&#8221;off|desktop&#8221; icon_font_size=&#8221;32px&#8221; locked=&#8221;off&#8221; global_colors_info=&#8221;{}&#8221;]<\/p>\n<p>Se o teu veh\u00edculo ten m\u00e1is de 4 anos, podes elixir o Servizo Ford Economy. Dese\u00f1ado especificamente para manter os veh\u00edculos m\u00e1is antigos en perfectas condici\u00f3ns, este servizo ofr\u00e9celle a garant\u00eda de servizo e pezas xenu\u00ednas Ford a un prezo competitivo.<br \/>Realizado polos nosos t\u00e9cnicos formados por Ford que utilizan pezas Ford Motocraft\u00ae de alta calidade, o servizo de econom\u00eda de Ford incl\u00fae unha inspecci\u00f3n completa dos 14 principais puntos de seguridade. Ademais, tam\u00e9n se incl\u00fae o cambio de aceite e filtro de aceite de Motorcraft e o cambio de filtro de aire.<\/p>\n<table width=\"100%\" cellspacing=\"0\" cellpadding=\"1\" border=\"1\" style=\"height: 195px; width: 100%;\">\n<tbody>\n<tr style=\"height: 27px;\">\n<td style=\"height: 27px; width: 60%;\"><b>Modelos<\/b><\/td>\n<td style=\"height: 27px;\"><b>S\u00f3 por <sup data-acc-disclosure=\"Precio total m\u00e1ximo recomendado\" data-acc-disclosure-action=\" \" class=\"acc-disclosure initialized\" data-analytics-cta-uid=\"undefined\" data-id=\"disclosure-1917561920358\" data-tooltip-id=\"21a2fcc0baa24\" aria-label=\"Click here to expand the legal note\" tabindex=\"0\">1<\/sup><\/b><\/td>\n<\/tr>\n<tr style=\"height: 24px;\">\n<td style=\"height: 24px; width: 60%;\">Autom\u00f3biles de pasaxeiros<\/td>\n<td style=\"height: 24px;\">139 \u20ac<\/td>\n<\/tr>\n<tr style=\"height: 48px;\">\n<td style=\"height: 48px; width: 60%;\">Transit\/Tourneo Courier<br \/>Transit\/Tourneo Connect<\/td>\n<td style=\"height: 48px;\">149 \u20ac<\/td>\n<\/tr>\n<tr style=\"height: 48px;\">\n<td style=\"height: 48px; width: 60%;\">Transit\/Tourneo Custom<br \/>tr\u00e1nsito<\/td>\n<td style=\"height: 48px;\">169 \u20ac<\/td>\n<\/tr>\n<tr style=\"height: 48px;\">\n<td style=\"height: 48px; width: 60%;\">Ranger<br \/>Transit de tracci\u00f3n traseira<\/td>\n<td style=\"height: 48px;\">209 \u20ac<br \/>*139\u20ac para modelos anteriores a 2011<\/td>\n<\/tr>\n<\/tbody>\n<\/table>\n<p><em>Consulte o taller Ford sobre a aplicabilidade segundo o modelo e ano de matr\u00edcula do veh\u00edculo.<\/em><\/p>\n<p>[\/et_pb_blurb][\/et_pb_column][\/et_pb_row][\/et_pb_section][et_pb_section fb_built=&#8221;1&#8243; _builder_version=&#8221;4.23.1&#8243; _module_preset=&#8221;default&#8221; background_image=&#8221;http:\/\/lorga.es\/wp-content\/uploads\/2023\/12\/chris-lawton-XR8kg_TYGh4-unsplash-1-scaled.jpg&#8221; background_position=&#8221;bottom_left&#8221; custom_padding=&#8221;8vw||18vw||false|false&#8221; global_colors_info=&#8221;{}&#8221;][et_pb_row _builder_version=&#8221;4.23.1&#8243; _module_preset=&#8221;default&#8221; global_colors_info=&#8221;{}&#8221;][et_pb_column type=&#8221;4_4&#8243; _builder_version=&#8221;4.23.1&#8243; _module_preset=&#8221;default&#8221; global_colors_info=&#8221;{}&#8221;][et_pb_text _builder_version=&#8221;4.23.1&#8243; _module_preset=&#8221;default&#8221; header_2_text_align=&#8221;center&#8221; header_2_text_color=&#8221;#FFFFFF&#8221; header_2_font_size=&#8221;31px&#8221; header_2_letter_spacing=&#8221;1px&#8221; header_2_line_height=&#8221;1.4em&#8221; background_enable_image=&#8221;off&#8221; header_2_text_shadow_style=&#8221;preset1&#8243; global_colors_info=&#8221;{}&#8221;]<\/p>\n<h2>A FORMA M\u00c1IS SIMPLE DE RESERVAR UNHA CITA CO SEU CONCESIONARIO FORD AUTORIZADO<\/h2>\n<p>[\/et_pb_text][et_pb_button button_url=&#8221;#contacto&#8221; button_text=&#8221;Solicitar cita&#8221; button_alignment=&#8221;center&#8221; _builder_version=&#8221;4.23.1&#8243; custom_button=&#8221;on&#8221; button_text_size=&#8221;14px&#8221; button_text_color=&#8221;#063476&#8243; button_bg_color=&#8221;#FFFFFF&#8221; button_border_width=&#8221;0px&#8221; button_border_radius=&#8221;0px&#8221; button_font=&#8221;|600||on|||||&#8221; button_use_icon=&#8221;off&#8221; background_layout=&#8221;dark&#8221; custom_margin=&#8221;|||&#8221; custom_padding=&#8221;16px|32px|16px|32px|true|true&#8221; locked=&#8221;off&#8221; global_colors_info=&#8221;{}&#8221; button_text_size__hover_enabled=&#8221;off&#8221; button_one_text_size__hover_enabled=&#8221;off&#8221; button_two_text_size__hover_enabled=&#8221;off&#8221; button_text_color__hover_enabled=&#8221;off&#8221; button_one_text_color__hover_enabled=&#8221;off&#8221; button_two_text_color__hover_enabled=&#8221;off&#8221; button_border_width__hover_enabled=&#8221;off&#8221; button_one_border_width__hover_enabled=&#8221;off&#8221; button_two_border_width__hover_enabled=&#8221;off&#8221; button_border_color__hover_enabled=&#8221;off&#8221; button_one_border_color__hover_enabled=&#8221;off&#8221; button_two_border_color__hover_enabled=&#8221;off&#8221; button_border_radius__hover_enabled=&#8221;off&#8221; button_one_border_radius__hover_enabled=&#8221;off&#8221; button_two_border_radius__hover_enabled=&#8221;off&#8221; button_letter_spacing__hover_enabled=&#8221;off&#8221; button_one_letter_spacing__hover_enabled=&#8221;off&#8221; button_two_letter_spacing__hover_enabled=&#8221;off&#8221; button_bg_color__hover_enabled=&#8221;off&#8221; button_one_bg_color__hover_enabled=&#8221;off&#8221; button_two_bg_color__hover_enabled=&#8221;off&#8221;][\/et_pb_button][\/et_pb_column][\/et_pb_row][\/et_pb_section][et_pb_section fb_built=&#8221;1&#8243; _builder_version=&#8221;4.23.1&#8243; _module_preset=&#8221;default&#8221; global_colors_info=&#8221;{}&#8221;][et_pb_row column_structure=&#8221;1_2,1_2&#8243; _builder_version=&#8221;4.23.1&#8243; _module_preset=&#8221;default&#8221; global_colors_info=&#8221;{}&#8221;][et_pb_column type=&#8221;1_2&#8243; _builder_version=&#8221;4.23.1&#8243; _module_preset=&#8221;default&#8221; global_colors_info=&#8221;{}&#8221;][et_pb_blurb title=&#8221;Garant\u00edas ofrecidas por FORD&#8221; use_icon=&#8221;on&#8221; font_icon=&#8221;&#xe07b;||divi||400&#8243; icon_color=&#8221;#063476&#8243; image_icon_width=&#8221;32px&#8221; _builder_version=&#8221;4.23.1&#8243; header_level=&#8221;h3&#8243; header_font=&#8221;||||||||&#8221; header_text_align=&#8221;center&#8221; header_letter_spacing=&#8221;1px&#8221; header_line_height=&#8221;1.6em&#8221; body_font=&#8221;||||||||&#8221; body_text_align=&#8221;left&#8221; background_color=&#8221;#FFFFFF&#8221; text_orientation=&#8221;center&#8221; custom_margin=&#8221;||0px||false|false&#8221; custom_margin_tablet=&#8221;||20px|&#8221; custom_margin_phone=&#8221;&#8221; custom_margin_last_edited=&#8221;on|phone&#8221; custom_padding=&#8221;2vw|2vw|2vw|2vw|true|true&#8221; header_font_size_last_edited=&#8221;off|desktop&#8221; icon_font_size=&#8221;32px&#8221; locked=&#8221;off&#8221; global_colors_info=&#8221;{}&#8221;]Todos os Ford est\u00e1n dese\u00f1ados para ofrecer anos de conduci\u00f3n sen preocupaci\u00f3ns. Fiabilidade avalada polas garant\u00edas completas ofrecidas por Ford. Como est\u00e1ndar, todos os veh\u00edculos Ford novos incl\u00faen unha garant\u00eda oficial de 3 anos. Para unha maior protecci\u00f3n, unha vez transcorrido o per\u00edodo inicial, pode ampliar a s\u00faa cobertura cunha garant\u00eda estendida de Ford Protect.[\/et_pb_blurb][\/et_pb_column][et_pb_column type=&#8221;1_2&#8243; _builder_version=&#8221;4.23.1&#8243; _module_preset=&#8221;default&#8221; global_colors_info=&#8221;{}&#8221;][et_pb_blurb title=&#8221;Comproba o estado da t\u00faa garant\u00eda&#8221; image_icon_width=&#8221;32px&#8221; _builder_version=&#8221;4.23.1&#8243; header_level=&#8221;h3&#8243; header_font=&#8221;||||||||&#8221; header_text_align=&#8221;center&#8221; header_text_color=&#8221;#FFFFFF&#8221; header_letter_spacing=&#8221;1px&#8221; header_line_height=&#8221;1.6em&#8221; body_font=&#8221;||||||||&#8221; body_text_align=&#8221;left&#8221; body_text_color=&#8221;#FFFFFF&#8221; body_font_size=&#8221;15px&#8221; body_line_height=&#8221;2em&#8221; background_color=&#8221;#063476&#8243; text_orientation=&#8221;center&#8221; custom_margin=&#8221;|||&#8221; custom_margin_tablet=&#8221;||20px|&#8221; custom_margin_phone=&#8221;&#8221; custom_margin_last_edited=&#8221;on|phone&#8221; custom_padding=&#8221;3vw|3vw|3vw|3vw|true|true&#8221; animation_style=&#8221;bounce&#8221; header_font_size_last_edited=&#8221;off|desktop&#8221; icon_font_size=&#8221;32px&#8221; locked=&#8221;off&#8221; global_colors_info=&#8221;{}&#8221;]<\/p>\n<p>Comproba o estado da garant\u00eda do teu veh\u00edculo. S\u00f3 necesitas o n\u00famero de matr\u00edcula do veh\u00edculo e o VIN. Ademais, tam\u00e9n podes usar a ferramenta para reservar unha inspecci\u00f3n do veh\u00edculo se o necesitas.<\/p>\n<p>[\/et_pb_blurb][\/et_pb_column][\/et_pb_row][\/et_pb_section][et_pb_section fb_built=&#8221;1&#8243; _builder_version=&#8221;4.23.1&#8243; _module_preset=&#8221;default&#8221; background_color=&#8221;rgba(0,0,0,0.66)&#8221; background_image=&#8221;http:\/\/lorga.es\/wp-content\/uploads\/2023\/12\/jimmy-nilsson-masth-9uHal2Dd9aE-unsplash-scaled.jpg&#8221; background_position=&#8221;bottom_left&#8221; background_blend=&#8221;overlay&#8221; custom_padding=&#8221;8vw||8vw||false|false&#8221; global_colors_info=&#8221;{}&#8221;][et_pb_row _builder_version=&#8221;4.23.1&#8243; _module_preset=&#8221;default&#8221; global_colors_info=&#8221;{}&#8221;][et_pb_column type=&#8221;4_4&#8243; _builder_version=&#8221;4.23.1&#8243; _module_preset=&#8221;default&#8221; global_colors_info=&#8221;{}&#8221;][et_pb_text _builder_version=&#8221;4.23.1&#8243; _module_preset=&#8221;default&#8221; text_text_color=&#8221;#FFFFFF&#8221; text_font_size=&#8221;16px&#8221; text_line_height=&#8221;1.8em&#8221; header_2_text_align=&#8221;center&#8221; header_2_text_color=&#8221;#FFFFFF&#8221; header_2_font_size=&#8221;31px&#8221; header_2_letter_spacing=&#8221;1px&#8221; header_2_line_height=&#8221;1.4em&#8221; background_enable_image=&#8221;off&#8221; header_2_text_shadow_style=&#8221;preset1&#8243; global_colors_info=&#8221;{}&#8221;]<\/p>\n<h2>Pneum\u00e1ticos para o teu veh\u00edculo<\/h2>\n<p>Sabemos o que \u00e9 mellor para o teu veh\u00edculo. Polo tanto, no teu taller Ford somos o mellor lugar para mercar pneum\u00e1ticos novos para o teu veh\u00edculo.<\/p>\n<p>Os nosos especialistas poden asesorarte sobre o tipo e tama\u00f1o de pneum\u00e1ticos correctos para cumprir coa lexislaci\u00f3n vixente en materia de seguridade, as\u00ed como indicarche o que debes ter en conta ao revisar os teus pneum\u00e1ticos, e estar\u00e1n encantados de guiarte para atopar o pneum\u00e1tico novo axeitado para ti. o teu veh\u00edculo.<\/p>\n<p>Ofrecemos marcas a prezos atractivos, inclu\u00edmos pezas e man de obra e comprobaremos todos os compo\u00f1entes das rodas durante a montaxe dos pneum\u00e1ticos<\/p>\n<p><em><span style=\"font-size: small;\">Lembre que os pneum\u00e1ticos desgastados poden aumentar a s\u00faa distancia de freada ata un 70 % nunha estrada mollada. Comprobar regularmente as especificaci\u00f3ns dos pneum\u00e1ticos, a presi\u00f3n do aire e os niveis de desgaste garantir\u00e1 o funcionamento adecuado do veh\u00edculo en todas as condici\u00f3ns.<\/span><\/em><\/p>\n<p>[\/et_pb_text][et_pb_button button_url=&#8221;#contacto&#8221; button_text=&#8221;Solicitar cita&#8221; button_alignment=&#8221;center&#8221; _builder_version=&#8221;4.23.1&#8243; custom_button=&#8221;on&#8221; button_text_size=&#8221;14px&#8221; button_text_color=&#8221;#063476&#8243; button_bg_color=&#8221;#FFFFFF&#8221; button_border_width=&#8221;0px&#8221; button_border_radius=&#8221;0px&#8221; button_font=&#8221;|600||on|||||&#8221; button_use_icon=&#8221;off&#8221; background_layout=&#8221;dark&#8221; custom_margin=&#8221;|||&#8221; custom_padding=&#8221;16px|32px|16px|32px|true|true&#8221; locked=&#8221;off&#8221; global_colors_info=&#8221;{}&#8221; button_text_size__hover_enabled=&#8221;off&#8221; button_one_text_size__hover_enabled=&#8221;off&#8221; button_two_text_size__hover_enabled=&#8221;off&#8221; button_text_color__hover_enabled=&#8221;off&#8221; button_one_text_color__hover_enabled=&#8221;off&#8221; button_two_text_color__hover_enabled=&#8221;off&#8221; button_border_width__hover_enabled=&#8221;off&#8221; button_one_border_width__hover_enabled=&#8221;off&#8221; button_two_border_width__hover_enabled=&#8221;off&#8221; button_border_color__hover_enabled=&#8221;off&#8221; button_one_border_color__hover_enabled=&#8221;off&#8221; button_two_border_color__hover_enabled=&#8221;off&#8221; button_border_radius__hover_enabled=&#8221;off&#8221; button_one_border_radius__hover_enabled=&#8221;off&#8221; button_two_border_radius__hover_enabled=&#8221;off&#8221; button_letter_spacing__hover_enabled=&#8221;off&#8221; button_one_letter_spacing__hover_enabled=&#8221;off&#8221; button_two_letter_spacing__hover_enabled=&#8221;off&#8221; button_bg_color__hover_enabled=&#8221;off&#8221; button_one_bg_color__hover_enabled=&#8221;off&#8221; button_two_bg_color__hover_enabled=&#8221;off&#8221;][\/et_pb_button][\/et_pb_column][\/et_pb_row][\/et_pb_section][et_pb_section fb_built=&#8221;1&#8243; _builder_version=&#8221;4.23.1&#8243; _module_preset=&#8221;default&#8221; background_color=&#8221;#f5f6f7&#8243; global_colors_info=&#8221;{}&#8221;][et_pb_row _builder_version=&#8221;4.23.1&#8243; _module_preset=&#8221;default&#8221; global_colors_info=&#8221;{}&#8221;][et_pb_column type=&#8221;4_4&#8243; _builder_version=&#8221;4.23.1&#8243; _module_preset=&#8221;default&#8221; global_colors_info=&#8221;{}&#8221;][et_pb_text _builder_version=&#8221;4.23.1&#8243; _module_preset=&#8221;default&#8221; global_colors_info=&#8221;{}&#8221;]<\/p>\n<h1 style=\"text-align: center;\">Promoci\u00f3ns<\/h1>\n<p>[\/et_pb_text][\/et_pb_column][\/et_pb_row][et_pb_row column_structure=&#8221;1_3,1_3,1_3&#8243; _builder_version=&#8221;4.23.1&#8243; _module_preset=&#8221;default&#8221; global_colors_info=&#8221;{}&#8221;][et_pb_column type=&#8221;1_3&#8243; _builder_version=&#8221;4.23.1&#8243; _module_preset=&#8221;default&#8221; global_colors_info=&#8221;{}&#8221;][et_pb_blurb title=&#8221;Servizo de recollida e entrega a domicilio totalmente gratu\u00edto&#8221; use_icon=&#8221;on&#8221; font_icon=&#8221;&#xf015;||fa||900&#8243; icon_color=&#8221;#063476&#8243; image_icon_width=&#8221;32px&#8221; _builder_version=&#8221;4.23.1&#8243; header_level=&#8221;h3&#8243; header_font=&#8221;||||||||&#8221; header_text_align=&#8221;center&#8221; header_letter_spacing=&#8221;1px&#8221; header_line_height=&#8221;1.6em&#8221; body_font=&#8221;||||||||&#8221; body_text_align=&#8221;left&#8221; background_color=&#8221;#FFFFFF&#8221; text_orientation=&#8221;center&#8221; custom_margin=&#8221;||0px||false|false&#8221; custom_margin_tablet=&#8221;||20px|&#8221; custom_margin_phone=&#8221;&#8221; custom_margin_last_edited=&#8221;on|phone&#8221; custom_padding=&#8221;2vw|2vw|2vw|2vw|true|true&#8221; hover_enabled=&#8221;0&#8243; header_font_size_last_edited=&#8221;off|desktop&#8221; icon_font_size=&#8221;32px&#8221; locked=&#8221;off&#8221; global_colors_info=&#8221;{}&#8221; sticky_enabled=&#8221;0&#8243;]<\/p>\n<p>Servizo de recollida e entrega a domicilio de operaci\u00f3ns programadas de mantemento mec\u00e1nico, freos, pneum\u00e1ticos, etc sempre que o veh\u00edculo poida circular pola v\u00eda p\u00fablica. Aplicable a veh\u00edculos Ford sen l\u00edmite de idade e cunha distancia m\u00e1xima de 15 Km. Consulta a dispo\u00f1ibilidade<\/p>\n<p>[\/et_pb_blurb][\/et_pb_column][et_pb_column type=&#8221;1_3&#8243; _builder_version=&#8221;4.23.1&#8243; _module_preset=&#8221;default&#8221; global_colors_info=&#8221;{}&#8221;][et_pb_blurb title=&#8221;Xesti\u00f3n de ITV sen custo&#8221; use_icon=&#8221;on&#8221; font_icon=&#8221;&#xf1b9;||fa||900&#8243; icon_color=&#8221;#063476&#8243; image_icon_width=&#8221;32px&#8221; _builder_version=&#8221;4.23.1&#8243; header_level=&#8221;h3&#8243; header_font=&#8221;||||||||&#8221; header_text_align=&#8221;center&#8221; header_letter_spacing=&#8221;1px&#8221; header_line_height=&#8221;1.6em&#8221; body_font=&#8221;||||||||&#8221; body_text_align=&#8221;left&#8221; background_color=&#8221;#FFFFFF&#8221; text_orientation=&#8221;center&#8221; custom_margin=&#8221;|||&#8221; custom_margin_tablet=&#8221;||20px|&#8221; custom_margin_phone=&#8221;&#8221; custom_margin_last_edited=&#8221;on|phone&#8221; custom_padding=&#8221;2vw|2vw|2vw|2vw|true|true&#8221; hover_enabled=&#8221;0&#8243; header_font_size_last_edited=&#8221;off|desktop&#8221; icon_font_size=&#8221;32px&#8221; locked=&#8221;off&#8221; global_colors_info=&#8221;{}&#8221; sticky_enabled=&#8221;0&#8243;]<\/p>\n<p>Se o teu coche Ford ou doutra marca ten catro anos ou m\u00e1is, debe pasar a ITV. Se \u00e9 as\u00ed, e para que poidas gozar do teu tempo, en Lorga encargar\u00e9monos da t\u00faa ITV sen ning\u00fan custo.<\/p>\n<p>Promoci\u00f3n v\u00e1lida con operaci\u00f3ns de mantemento ou avar\u00eda superiores a 150,00 \u20ac e cuxas citas fosen previamente reservadas. Taxas ITV non inclu\u00eddas. Oferta consistente na inspecci\u00f3n previa do veh\u00edculo, para detectar posibles avar\u00edas, traballos previamente programados e traslados \u00e1 estaci\u00f3n de ITV considerada polo taller.<\/p>\n<p>[\/et_pb_blurb][\/et_pb_column][et_pb_column type=&#8221;1_3&#8243; _builder_version=&#8221;4.23.1&#8243; _module_preset=&#8221;default&#8221; global_colors_info=&#8221;{}&#8221;][et_pb_blurb title=&#8221;Veh\u00edculo de substituci\u00f3n&#8221; use_icon=&#8221;on&#8221; font_icon=&#8221;&#xf5e1;||fa||900&#8243; icon_color=&#8221;#063476&#8243; image_icon_width=&#8221;32px&#8221; _builder_version=&#8221;4.23.1&#8243; header_level=&#8221;h3&#8243; header_font=&#8221;||||||||&#8221; header_text_align=&#8221;center&#8221; header_letter_spacing=&#8221;1px&#8221; header_line_height=&#8221;1.6em&#8221; body_font=&#8221;||||||||&#8221; body_text_align=&#8221;left&#8221; background_color=&#8221;#FFFFFF&#8221; text_orientation=&#8221;center&#8221; custom_margin=&#8221;|||&#8221; custom_margin_tablet=&#8221;||20px|&#8221; custom_margin_phone=&#8221;&#8221; custom_margin_last_edited=&#8221;on|phone&#8221; custom_padding=&#8221;2vw|2vw|2vw|2vw|true|true&#8221; hover_enabled=&#8221;0&#8243; header_font_size_last_edited=&#8221;off|desktop&#8221; icon_font_size=&#8221;32px&#8221; locked=&#8221;off&#8221; global_colors_info=&#8221;{}&#8221; sticky_enabled=&#8221;0&#8243;]<\/p>\n<p>Alugue un veh\u00edculo de substituci\u00f3n e garanta a s\u00faa mobilidade mentres o seu coche est\u00e1 no taller. Estes son os prezos para os nosos clientes do taller:<\/p>\n<p>\u00b7 Festa: 25\u20ac\/d\u00eda (IVE inclu\u00eddo)<br \/>\u00b7 Focus: 35 \u20ac\/d\u00eda (IVE inclu\u00eddo)<br \/>\u00b7 C-Max: 35 \u20ac\/d\u00eda (IVE inclu\u00eddo)<br \/>\u00b7 Kuga: 40 \u20ac\/d\u00eda (IVE inclu\u00eddo)<br \/>\u00b7 Conectar: \u200b\u200b45 \u20ac\/d\u00eda (IVE inclu\u00eddo)<br \/>\u00b7 Personalizado: 55\u20ac\/d\u00eda (IVE inclu\u00eddo)<\/p>\n<p><em><span style=\"font-size: small;\">*Suxeito a dispo\u00f1ibilidade. S\u00f3 v\u00e1lido para clientes de Taller.<\/span><\/em><\/p>\n<p>[\/et_pb_blurb][\/et_pb_column][\/et_pb_row][\/et_pb_section][et_pb_section fb_built=&#8221;1&#8243; _builder_version=&#8221;4.23.1&#8243; _module_preset=&#8221;default&#8221; background_color=&#8221;rgba(0,0,0,0.47)&#8221; background_image=&#8221;http:\/\/lorga.es\/wp-content\/uploads\/2023\/12\/robin-edqvist-is9e5RleIe8-unsplash-1-scaled.jpg&#8221; background_position=&#8221;top_left&#8221; background_blend=&#8221;overlay&#8221; custom_padding=&#8221;8vw||8vw||false|false&#8221; global_colors_info=&#8221;{}&#8221;][et_pb_row _builder_version=&#8221;4.23.1&#8243; _module_preset=&#8221;default&#8221; global_colors_info=&#8221;{}&#8221;][et_pb_column type=&#8221;4_4&#8243; _builder_version=&#8221;4.23.1&#8243; _module_preset=&#8221;default&#8221; global_colors_info=&#8221;{}&#8221;][et_pb_text _builder_version=&#8221;4.23.1&#8243; _module_preset=&#8221;default&#8221; header_2_text_align=&#8221;center&#8221; header_2_text_color=&#8221;#FFFFFF&#8221; header_2_font_size=&#8221;31px&#8221; header_2_letter_spacing=&#8221;1px&#8221; header_2_line_height=&#8221;1.4em&#8221; background_enable_image=&#8221;off&#8221; header_2_text_shadow_style=&#8221;preset1&#8243; global_colors_info=&#8221;{}&#8221;]<\/p>\n<h2>Personaliza o teu Ford e faino \u00fanico coa nosa ampla selecci\u00f3n de accesorios orixinais. Busca accesorios de calidade para o teu Ford en Autom\u00f3viles Lorga. Mellora a t\u00faa experiencia de conduci\u00f3n e destaca entre a multitude. Descubre a nosa ampla gama de accesorios Ford e d\u00e1lle ao teu coche un toque persoal que reflicta o teu estilo. Busca o complemento perfecto para ti.<\/h2>\n<p>[\/et_pb_text][et_pb_button button_url=&#8221;#contacto&#8221; button_text=&#8221;M\u00e1is informaci\u00f3n&#8221; button_alignment=&#8221;center&#8221; _builder_version=&#8221;4.23.1&#8243; custom_button=&#8221;on&#8221; button_text_size=&#8221;14px&#8221; button_text_color=&#8221;#063476&#8243; button_bg_color=&#8221;#FFFFFF&#8221; button_border_width=&#8221;0px&#8221; button_border_radius=&#8221;0px&#8221; button_font=&#8221;|600||on|||||&#8221; button_use_icon=&#8221;off&#8221; background_layout=&#8221;dark&#8221; custom_margin=&#8221;|||&#8221; custom_padding=&#8221;16px|32px|16px|32px|true|true&#8221; locked=&#8221;off&#8221; global_colors_info=&#8221;{}&#8221; button_text_size__hover_enabled=&#8221;off&#8221; button_one_text_size__hover_enabled=&#8221;off&#8221; button_two_text_size__hover_enabled=&#8221;off&#8221; button_text_color__hover_enabled=&#8221;off&#8221; button_one_text_color__hover_enabled=&#8221;off&#8221; button_two_text_color__hover_enabled=&#8221;off&#8221; button_border_width__hover_enabled=&#8221;off&#8221; button_one_border_width__hover_enabled=&#8221;off&#8221; button_two_border_width__hover_enabled=&#8221;off&#8221; button_border_color__hover_enabled=&#8221;off&#8221; button_one_border_color__hover_enabled=&#8221;off&#8221; button_two_border_color__hover_enabled=&#8221;off&#8221; button_border_radius__hover_enabled=&#8221;off&#8221; button_one_border_radius__hover_enabled=&#8221;off&#8221; button_two_border_radius__hover_enabled=&#8221;off&#8221; button_letter_spacing__hover_enabled=&#8221;off&#8221; button_one_letter_spacing__hover_enabled=&#8221;off&#8221; button_two_letter_spacing__hover_enabled=&#8221;off&#8221; button_bg_color__hover_enabled=&#8221;off&#8221; button_one_bg_color__hover_enabled=&#8221;off&#8221; button_two_bg_color__hover_enabled=&#8221;off&#8221;][\/et_pb_button][\/et_pb_column][\/et_pb_row][\/et_pb_section][et_pb_section fb_built=&#8221;1&#8243; admin_label=&#8221;Footer&#8221; _builder_version=&#8221;4.23.1&#8243; background_color=&#8221;#063476&#8243; background_image=&#8221;http:\/\/lorga.es\/wp-content\/uploads\/2023\/12\/Footer-Bg.png&#8221; custom_padding=&#8221;54px|0px|54px|0px|false|false&#8221; global_module=&#8221;40&#8243; saved_tabs=&#8221;all&#8221; global_colors_info=&#8221;{}&#8221;][et_pb_row _builder_version=&#8221;4.16&#8243; locked=&#8221;off&#8221; global_colors_info=&#8221;{}&#8221;][et_pb_column type=&#8221;4_4&#8243; _builder_version=&#8221;4.16&#8243; custom_padding=&#8221;|||&#8221; global_colors_info=&#8221;{}&#8221; custom_padding__hover=&#8221;|||&#8221;][et_pb_text module_id=&#8221;contacto&#8221; _builder_version=&#8221;4.23.1&#8243; text_font=&#8221;Josefin Sans||||||||&#8221; text_font_size=&#8221;20px&#8221; text_line_height=&#8221;1.8em&#8221; header_font=&#8221;||||||||&#8221; header_2_font=&#8221;||||||||&#8221; header_2_font_size=&#8221;60px&#8221; header_2_line_height=&#8221;1.4em&#8221; text_orientation=&#8221;center&#8221; background_layout=&#8221;dark&#8221; max_width=&#8221;800px&#8221; module_alignment=&#8221;center&#8221; header_2_font_size_tablet=&#8221;50px&#8221; header_2_font_size_phone=&#8221;34px&#8221; header_2_font_size_last_edited=&#8221;on|phone&#8221; global_colors_info=&#8221;{}&#8221;]<\/p>\n<h2>Contacta connosco<\/h2>\n<p>[\/et_pb_text][\/et_pb_column][\/et_pb_row][et_pb_row column_structure=&#8221;3_5,2_5&#8243; _builder_version=&#8221;4.16&#8243; global_colors_info=&#8221;{}&#8221;][et_pb_column type=&#8221;3_5&#8243; _builder_version=&#8221;4.16&#8243; custom_padding=&#8221;|||&#8221; global_colors_info=&#8221;{}&#8221; custom_padding__hover=&#8221;|||&#8221;][et_pb_contact_form email=&#8221;info@artismedia.es&#8221; custom_message=&#8221;MENSAXE DE LORGA CARS||et_pb_line_break_holder||||et_pb_line_break_holder||Nome: %%Nombre%% ||et_pb_line_break_holder||Email: %%Email%% ||et_pb_line_break_holder||Asunto: %%Asunto%% ||et_pb_line_break_holder||LOPD: LOPD|| %%LOPD%%&#8221; module_id=&#8221;et_pb_contact_form_0&#8243; _builder_version=&#8221;4.23.1&#8243; form_field_background_color=&#8221;rgba(255,255,255,0.9)&#8221; form_field_text_color=&#8221;rgba(104,109,131,0.6)&#8221; title_font=&#8221;||||||||&#8221; captcha_text_color=&#8221;#FFFFFF&#8221; form_field_font=&#8221;||||||||&#8221; form_field_font_size=&#8221;16px&#8221; custom_button=&#8221;on&#8221; button_text_size=&#8221;14px&#8221; button_text_color=&#8221;#ffffff&#8221; button_bg_color=&#8221;#faa152&#8243; button_border_width=&#8221;12px&#8221; button_border_color=&#8221;#faa152&#8243; button_border_radius=&#8221;0px&#8221; button_font=&#8221;|700||on|||||&#8221; button_use_icon=&#8221;off&#8221; max_width=&#8221;800px&#8221; custom_margin=&#8221;|||&#8221; custom_padding=&#8221;|||&#8221; animation_style=&#8221;fold&#8221; animation_direction=&#8221;top&#8221; animation_intensity_fold=&#8221;10%&#8221; form_background_color=&#8221;rgba(255,255,255,0.9)&#8221; global_colors_info=&#8221;{}&#8221;][et_pb_contact_field field_id=&#8221;Nombre&#8221; field_title=&#8221;Nome&#8221; _builder_version=&#8221;4.23.1&#8243; form_field_font=&#8221;|700|||||||&#8221; custom_margin=&#8221;||20px|&#8221; global_colors_info=&#8221;{}&#8221; button_text_size__hover_enabled=&#8221;off&#8221; button_one_text_size__hover_enabled=&#8221;off&#8221; button_two_text_size__hover_enabled=&#8221;off&#8221; button_text_color__hover_enabled=&#8221;off&#8221; button_one_text_color__hover_enabled=&#8221;off&#8221; button_two_text_color__hover_enabled=&#8221;off&#8221; button_border_width__hover_enabled=&#8221;off&#8221; button_one_border_width__hover_enabled=&#8221;off&#8221; button_two_border_width__hover_enabled=&#8221;off&#8221; button_border_color__hover_enabled=&#8221;off&#8221; button_one_border_color__hover_enabled=&#8221;off&#8221; button_two_border_color__hover_enabled=&#8221;off&#8221; button_border_radius__hover_enabled=&#8221;off&#8221; button_one_border_radius__hover_enabled=&#8221;off&#8221; button_two_border_radius__hover_enabled=&#8221;off&#8221; button_letter_spacing__hover_enabled=&#8221;off&#8221; button_one_letter_spacing__hover_enabled=&#8221;off&#8221; button_two_letter_spacing__hover_enabled=&#8221;off&#8221; button_bg_color__hover_enabled=&#8221;off&#8221; button_one_bg_color__hover_enabled=&#8221;off&#8221; button_two_bg_color__hover_enabled=&#8221;off&#8221;][\/et_pb_contact_field][et_pb_contact_field field_id=&#8221;Email&#8221; field_title=&#8221;Correo electr\u00f3nico&#8221; field_type=&#8221;email&#8221; _builder_version=&#8221;4.23.1&#8243; form_field_font=&#8221;|700|||||||&#8221; custom_margin=&#8221;||20px|&#8221; global_colors_info=&#8221;{}&#8221; button_text_size__hover_enabled=&#8221;off&#8221; button_one_text_size__hover_enabled=&#8221;off&#8221; button_two_text_size__hover_enabled=&#8221;off&#8221; button_text_color__hover_enabled=&#8221;off&#8221; button_one_text_color__hover_enabled=&#8221;off&#8221; button_two_text_color__hover_enabled=&#8221;off&#8221; button_border_width__hover_enabled=&#8221;off&#8221; button_one_border_width__hover_enabled=&#8221;off&#8221; button_two_border_width__hover_enabled=&#8221;off&#8221; button_border_color__hover_enabled=&#8221;off&#8221; button_one_border_color__hover_enabled=&#8221;off&#8221; button_two_border_color__hover_enabled=&#8221;off&#8221; button_border_radius__hover_enabled=&#8221;off&#8221; button_one_border_radius__hover_enabled=&#8221;off&#8221; button_two_border_radius__hover_enabled=&#8221;off&#8221; button_letter_spacing__hover_enabled=&#8221;off&#8221; button_one_letter_spacing__hover_enabled=&#8221;off&#8221; button_two_letter_spacing__hover_enabled=&#8221;off&#8221; button_bg_color__hover_enabled=&#8221;off&#8221; button_one_bg_color__hover_enabled=&#8221;off&#8221; button_two_bg_color__hover_enabled=&#8221;off&#8221;][\/et_pb_contact_field][et_pb_contact_field field_id=&#8221;Asunto&#8221; field_title=&#8221;Asunto&#8221; field_type=&#8221;text&#8221; fullwidth_field=&#8221;on&#8221; _builder_version=&#8221;4.23.1&#8243; form_field_font=&#8221;|700|||||||&#8221; custom_margin=&#8221;||30px|&#8221; global_colors_info=&#8221;{}&#8221; button_text_size__hover_enabled=&#8221;off&#8221; button_one_text_size__hover_enabled=&#8221;off&#8221; button_two_text_size__hover_enabled=&#8221;off&#8221; button_text_color__hover_enabled=&#8221;off&#8221; button_one_text_color__hover_enabled=&#8221;off&#8221; button_two_text_color__hover_enabled=&#8221;off&#8221; button_border_width__hover_enabled=&#8221;off&#8221; button_one_border_width__hover_enabled=&#8221;off&#8221; button_two_border_width__hover_enabled=&#8221;off&#8221; button_border_color__hover_enabled=&#8221;off&#8221; button_one_border_color__hover_enabled=&#8221;off&#8221; button_two_border_color__hover_enabled=&#8221;off&#8221; button_border_radius__hover_enabled=&#8221;off&#8221; button_one_border_radius__hover_enabled=&#8221;off&#8221; button_two_border_radius__hover_enabled=&#8221;off&#8221; button_letter_spacing__hover_enabled=&#8221;off&#8221; button_one_letter_spacing__hover_enabled=&#8221;off&#8221; button_two_letter_spacing__hover_enabled=&#8221;off&#8221; button_bg_color__hover_enabled=&#8221;off&#8221; button_one_bg_color__hover_enabled=&#8221;off&#8221; button_two_bg_color__hover_enabled=&#8221;off&#8221;][\/et_pb_contact_field][et_pb_contact_field field_id=&#8221;LOPD&#8221; field_title=&#8221;De conformidade co disposto na normativa vixente en materia de protecci\u00f3n de datos, inform\u00e1moslle que os datos que nos facilite ser\u00e1n tratados polo titular Autom\u00f3viles Lorga SL coa finalidade de atender e dar resposta \u00e1s solicitudes de contacto, solicitudes de informaci\u00f3n e\/ou consultas recibidas. A lexitimidade do tratamento bas\u00e9ase no consentimento do interesado. Os seus datos non ser\u00e1n comunicados a terceiros salvo obriga legal. Podes exercer os teus dereitos de acceso, rectificaci\u00f3n, supresi\u00f3n, oposici\u00f3n, limitaci\u00f3n e portabilidade enviando un correo electr\u00f3nico a info@lorga.es. Podes consultar informaci\u00f3n detallada na nosa POL\u00cdTICA DE PRIVACIDADE.&#8221; field_type=&#8221;checkbox&#8221; checkbox_options=&#8221;%91{%22value%22:%22Lin e acepto a pol\u00edtica de privacidade%22,%22checked%22:0,%22dragID%22:-1},{%22value%22:%22Acepto o uso dos meus datos para recibir publicidade e prospecci\u00f3n comercial sobre produtos que poidan ser do meu interese.%22,%22checked%22:0,%22dragID%22:0}%93&#8243; fullwidth_field=&#8221;on&#8221; _builder_version=&#8221;4.23.1&#8243; _module_preset=&#8221;default&#8221; form_field_text_color=&#8221;#FFFFFF&#8221; form_field_font=&#8221;Open Sans||||||||&#8221; form_field_font_size=&#8221;12px&#8221; form_field_line_height=&#8221;1.5em&#8221; custom_css_main_element=&#8221;color: #fff;&#8221; global_colors_info=&#8221;{}&#8221;][\/et_pb_contact_field][\/et_pb_contact_form][\/et_pb_column][et_pb_column type=&#8221;2_5&#8243; _builder_version=&#8221;4.16&#8243; custom_padding=&#8221;|||&#8221; global_colors_info=&#8221;{}&#8221; custom_padding__hover=&#8221;|||&#8221;][et_pb_blurb title=&#8221;info@lorga.es&#8221; use_icon=&#8221;on&#8221; font_icon=&#8221;&#xe076;||divi||400&#8243; icon_color=&#8221;#faa152&#8243; image_icon_background_color=&#8221;#ffffff&#8221; icon_placement=&#8221;left&#8221; image_icon_width=&#8221;16px&#8221; content_max_width=&#8221;1100px&#8221; _builder_version=&#8221;4.23.1&#8243; header_font=&#8221;||||||||&#8221; header_letter_spacing=&#8221;1px&#8221; header_line_height=&#8221;1.6em&#8221; body_font=&#8221;||||||||&#8221; image_icon_custom_padding=&#8221;8px|8px|8px|8px|false|false&#8221; background_layout=&#8221;dark&#8221; animation_style=&#8221;zoom&#8221; animation_intensity_zoom=&#8221;10%&#8221; animation=&#8221;off&#8221; border_radii_image=&#8221;on|100%|100%|100%|100%&#8221; icon_font_size=&#8221;16px&#8221; use_circle=&#8221;on&#8221; circle_color=&#8221;#ffffff&#8221; global_colors_info=&#8221;{}&#8221; image_icon_background_color__sticky_enabled=&#8221;#7EBEC5&#8243; image_icon_background_color__sticky=&#8221;#7EBEC5&#8243;][\/et_pb_blurb][et_pb_blurb title=&#8221;+34 981 22 24 22&#8243; use_icon=&#8221;on&#8221; font_icon=&#8221;&#xe090;||divi||400&#8243; icon_color=&#8221;#faa152&#8243; image_icon_background_color=&#8221;#ffffff&#8221; icon_placement=&#8221;left&#8221; image_icon_width=&#8221;16px&#8221; content_max_width=&#8221;1100px&#8221; _builder_version=&#8221;4.23.1&#8243; header_font=&#8221;||||||||&#8221; header_letter_spacing=&#8221;1px&#8221; header_line_height=&#8221;1.6em&#8221; body_font=&#8221;||||||||&#8221; image_icon_custom_padding=&#8221;8px|8px|8px|8px|false|false&#8221; background_layout=&#8221;dark&#8221; animation_style=&#8221;zoom&#8221; animation_intensity_zoom=&#8221;10%&#8221; animation=&#8221;off&#8221; border_radii_image=&#8221;on|100%|100%|100%|100%&#8221; icon_font_size=&#8221;16px&#8221; use_circle=&#8221;on&#8221; circle_color=&#8221;#ffffff&#8221; global_colors_info=&#8221;{}&#8221; image_icon_background_color__sticky_enabled=&#8221;#7EBEC5&#8243; image_icon_background_color__sticky=&#8221;#7EBEC5&#8243;][\/et_pb_blurb][et_pb_blurb title=&#8221;C\/ Forcarey 29, 15002 A CORU\u00d1A&#8221; use_icon=&#8221;on&#8221; font_icon=&#8221;&#xe081;||divi||400&#8243; icon_color=&#8221;#faa152&#8243; image_icon_background_color=&#8221;#ffffff&#8221; icon_placement=&#8221;left&#8221; image_icon_width=&#8221;16px&#8221; content_max_width=&#8221;1100px&#8221; _builder_version=&#8221;4.23.1&#8243; header_font=&#8221;||||||||&#8221; header_letter_spacing=&#8221;1px&#8221; header_line_height=&#8221;1.6em&#8221; body_font=&#8221;||||||||&#8221; image_icon_custom_padding=&#8221;8px|8px|8px|8px|false|false&#8221; background_layout=&#8221;dark&#8221; animation_style=&#8221;zoom&#8221; animation_intensity_zoom=&#8221;10%&#8221; animation=&#8221;off&#8221; border_radii_image=&#8221;on|100%|100%|100%|100%&#8221; icon_font_size=&#8221;16px&#8221; use_circle=&#8221;on&#8221; circle_color=&#8221;#ffffff&#8221; global_colors_info=&#8221;{}&#8221; image_icon_background_color__sticky_enabled=&#8221;#7EBEC5&#8243; image_icon_background_color__sticky=&#8221;#7EBEC5&#8243;][\/et_pb_blurb][\/et_pb_column][\/et_pb_row][et_pb_row _builder_version=&#8221;4.23.1&#8243; _module_preset=&#8221;default&#8221; global_colors_info=&#8221;{}&#8221;][et_pb_column type=&#8221;4_4&#8243; _builder_version=&#8221;4.23.1&#8243; _module_preset=&#8221;default&#8221; global_colors_info=&#8221;{}&#8221;][et_pb_image src=&#8221;http:\/\/lorga.es\/wp-content\/uploads\/2023\/12\/Logo-digitalizadores.png&#8221; title_text=&#8221;Kit dixital&#8221; _builder_version=&#8221;4.23.1&#8243; _module_preset=&#8221;default&#8221; background_color=&#8221;#FFFFFF&#8221; custom_padding=&#8221;10px|10px|10px|10px|true|true&#8221; animation_style=&#8221;fade&#8221; global_colors_info=&#8221;{}&#8221;][\/et_pb_image][et_pb_text _builder_version=&#8221;4.23.1&#8243; _module_preset=&#8221;default&#8221; text_text_color=&#8221;#FFFFFF&#8221; text_font_size=&#8221;12px&#8221; text_orientation=&#8221;center&#8221; global_colors_info=&#8221;{}&#8221;]<\/p>\n<p><span style=\"color: #ffffff;\"><a href=\"https:\/\/artismedia.es\/\" target=\"_blank\" rel=\"noopener\" style=\"color: #ffffff;\">Dese\u00f1ado e desenvolvido por ARTISMEDIA<\/a> | <a href=\"http:\/\/lorga.es\/index.php\/politica-de-privacidad\/\" target=\"_blank\" rel=\"noopener\" style=\"color: #ffffff;\">Pol\u00edtica de privacidade<\/a> \u00b7 <a href=\"http:\/\/lorga.es\/index.php\/aviso-legal\/\" target=\"_blank\" rel=\"noopener\" style=\"color: #ffffff;\">Aviso legal<\/a> \u00b7 <a href=\"http:\/\/lorga.es\/index.php\/politica-de-cookies\/\" target=\"_blank\" rel=\"noopener\" style=\"color: #ffffff;\">Pol\u00edtica de cookies<\/a><\/span><\/p>\n<p>[\/et_pb_text][\/et_pb_column][\/et_pb_row][\/et_pb_section]<\/p>\n","protected":false},"excerpt":{"rendered":"<p>PostvendaO servizo de mantemento de Ford d\u00e1che tranquilidade ao saber que todo o traballo \u00e9 realizado por t\u00e9cnicos formados por Ford que utilizan pezas aut\u00e9nticas de Ford. E, ademais, introducimos unha serie de funci\u00f3ns adicionais para que te\u00f1as a\u00ednda m\u00e1is tranquilidade mentres mantenemos o teu veh\u00edculo.Refer\u00edmonos a vantaxes como o noso servizo Ford Express, co [&hellip;]<\/p>\n","protected":false},"author":1,"featured_media":0,"parent":0,"menu_order":0,"comment_status":"closed","ping_status":"closed","template":"","meta":{"_et_pb_use_builder":"on","_et_pb_old_content":"","_et_gb_content_width":"","footnotes":""},"class_list":["post-846","page","type-page","status-publish","hentry"],"yoast_head":"<!-- This site is optimized with the Yoast SEO plugin v26.2 - https:\/\/yoast.com\/wordpress\/plugins\/seo\/ -->\n<title>Postvenda - Lorga - Taller de coches En A Coru\u00f1a. Veh\u00edculos usados y nuevos<\/title>\n<meta name=\"robots\" content=\"index, follow, max-snippet:-1, max-image-preview:large, max-video-preview:-1\" \/>\n<link rel=\"canonical\" href=\"https:\/\/lorga.es\/postventa\/\" \/>\n<meta property=\"og:locale\" content=\"gl_ES\" \/>\n<meta property=\"og:type\" content=\"article\" \/>\n<meta property=\"og:title\" content=\"Postvenda - Lorga - Taller de coches En A Coru\u00f1a. Veh\u00edculos usados y nuevos\" \/>\n<meta property=\"og:description\" content=\"PostvendaO servizo de mantemento de Ford d\u00e1che tranquilidade ao saber que todo o traballo \u00e9 realizado por t\u00e9cnicos formados por Ford que utilizan pezas aut\u00e9nticas de Ford. E, ademais, introducimos unha serie de funci\u00f3ns adicionais para que te\u00f1as a\u00ednda m\u00e1is tranquilidade mentres mantenemos o teu veh\u00edculo.Refer\u00edmonos a vantaxes como o noso servizo Ford Express, co [&hellip;]\" \/>\n<meta property=\"og:url\" content=\"https:\/\/lorga.es\/postventa\/\" \/>\n<meta property=\"og:site_name\" content=\"Lorga - Taller de coches En A Coru\u00f1a. Veh\u00edculos usados y nuevos\" \/>\n<meta property=\"article:modified_time\" content=\"2023-12-18T07:51:44+00:00\" \/>\n<meta name=\"twitter:card\" content=\"summary_large_image\" \/>\n<meta name=\"twitter:label1\" content=\"Tempo de lectura\" \/>\n\t<meta name=\"twitter:data1\" content=\"25 minutos\" \/>\n<script type=\"application\/ld+json\" class=\"yoast-schema-graph\">{\"@context\":\"https:\/\/schema.org\",\"@graph\":[{\"@type\":\"WebPage\",\"@id\":\"https:\/\/lorga.es\/postventa\/\",\"url\":\"https:\/\/lorga.es\/postventa\/\",\"name\":\"Postvenda - Lorga - Taller de coches En A Coru\u00f1a. Veh\u00edculos usados y nuevos\",\"isPartOf\":{\"@id\":\"https:\/\/lorga.es\/#website\"},\"datePublished\":\"2023-12-12T11:02:04+00:00\",\"dateModified\":\"2023-12-18T07:51:44+00:00\",\"breadcrumb\":{\"@id\":\"https:\/\/lorga.es\/postventa\/#breadcrumb\"},\"inLanguage\":\"gl-ES\",\"potentialAction\":[{\"@type\":\"ReadAction\",\"target\":[\"https:\/\/lorga.es\/postventa\/\"]}]},{\"@type\":\"BreadcrumbList\",\"@id\":\"https:\/\/lorga.es\/postventa\/#breadcrumb\",\"itemListElement\":[{\"@type\":\"ListItem\",\"position\":1,\"name\":\"Portada\",\"item\":\"https:\/\/lorga.es\/\"},{\"@type\":\"ListItem\",\"position\":2,\"name\":\"Postvenda\"}]},{\"@type\":\"WebSite\",\"@id\":\"https:\/\/lorga.es\/#website\",\"url\":\"https:\/\/lorga.es\/\",\"name\":\"Lorga - Taller de coches En A Coru\u00f1a. Veh\u00edculos usados y nuevos\",\"description\":\"Tu taller de reparaci\u00f3n mec\u00e1nica en A Coru\u00f1a. Carrocer\u00eda, chapa y pintura. Venta de coches nuevos y usados para toda Galicia\",\"potentialAction\":[{\"@type\":\"SearchAction\",\"target\":{\"@type\":\"EntryPoint\",\"urlTemplate\":\"https:\/\/lorga.es\/?s={search_term_string}\"},\"query-input\":{\"@type\":\"PropertyValueSpecification\",\"valueRequired\":true,\"valueName\":\"search_term_string\"}}],\"inLanguage\":\"gl-ES\"}]}<\/script>\n<!-- \/ Yoast SEO plugin. -->","yoast_head_json":{"title":"Postvenda - Lorga - Taller de coches En A Coru\u00f1a. Veh\u00edculos usados y nuevos","robots":{"index":"index","follow":"follow","max-snippet":"max-snippet:-1","max-image-preview":"max-image-preview:large","max-video-preview":"max-video-preview:-1"},"canonical":"https:\/\/lorga.es\/postventa\/","og_locale":"gl_ES","og_type":"article","og_title":"Postvenda - Lorga - Taller de coches En A Coru\u00f1a. Veh\u00edculos usados y nuevos","og_description":"PostvendaO servizo de mantemento de Ford d\u00e1che tranquilidade ao saber que todo o traballo \u00e9 realizado por t\u00e9cnicos formados por Ford que utilizan pezas aut\u00e9nticas de Ford. E, ademais, introducimos unha serie de funci\u00f3ns adicionais para que te\u00f1as a\u00ednda m\u00e1is tranquilidade mentres mantenemos o teu veh\u00edculo.Refer\u00edmonos a vantaxes como o noso servizo Ford Express, co [&hellip;]","og_url":"https:\/\/lorga.es\/postventa\/","og_site_name":"Lorga - Taller de coches En A Coru\u00f1a. Veh\u00edculos usados y nuevos","article_modified_time":"2023-12-18T07:51:44+00:00","twitter_card":"summary_large_image","twitter_misc":{"Tempo de lectura":"25 minutos"},"schema":{"@context":"https:\/\/schema.org","@graph":[{"@type":"WebPage","@id":"https:\/\/lorga.es\/postventa\/","url":"https:\/\/lorga.es\/postventa\/","name":"Postvenda - Lorga - Taller de coches En A Coru\u00f1a. Veh\u00edculos usados y nuevos","isPartOf":{"@id":"https:\/\/lorga.es\/#website"},"datePublished":"2023-12-12T11:02:04+00:00","dateModified":"2023-12-18T07:51:44+00:00","breadcrumb":{"@id":"https:\/\/lorga.es\/postventa\/#breadcrumb"},"inLanguage":"gl-ES","potentialAction":[{"@type":"ReadAction","target":["https:\/\/lorga.es\/postventa\/"]}]},{"@type":"BreadcrumbList","@id":"https:\/\/lorga.es\/postventa\/#breadcrumb","itemListElement":[{"@type":"ListItem","position":1,"name":"Portada","item":"https:\/\/lorga.es\/"},{"@type":"ListItem","position":2,"name":"Postvenda"}]},{"@type":"WebSite","@id":"https:\/\/lorga.es\/#website","url":"https:\/\/lorga.es\/","name":"Lorga - Taller de coches En A Coru\u00f1a. Veh\u00edculos usados y nuevos","description":"Tu taller de reparaci\u00f3n mec\u00e1nica en A Coru\u00f1a. Carrocer\u00eda, chapa y pintura. Venta de coches nuevos y usados para toda Galicia","potentialAction":[{"@type":"SearchAction","target":{"@type":"EntryPoint","urlTemplate":"https:\/\/lorga.es\/?s={search_term_string}"},"query-input":{"@type":"PropertyValueSpecification","valueRequired":true,"valueName":"search_term_string"}}],"inLanguage":"gl-ES"}]}},"_links":{"self":[{"href":"https:\/\/lorga.es\/gl\/wp-json\/wp\/v2\/pages\/846","targetHints":{"allow":["GET"]}}],"collection":[{"href":"https:\/\/lorga.es\/gl\/wp-json\/wp\/v2\/pages"}],"about":[{"href":"https:\/\/lorga.es\/gl\/wp-json\/wp\/v2\/types\/page"}],"author":[{"embeddable":true,"href":"https:\/\/lorga.es\/gl\/wp-json\/wp\/v2\/users\/1"}],"replies":[{"embeddable":true,"href":"https:\/\/lorga.es\/gl\/wp-json\/wp\/v2\/comments?post=846"}],"version-history":[{"count":2,"href":"https:\/\/lorga.es\/gl\/wp-json\/wp\/v2\/pages\/846\/revisions"}],"predecessor-version":[{"id":848,"href":"https:\/\/lorga.es\/gl\/wp-json\/wp\/v2\/pages\/846\/revisions\/848"}],"wp:attachment":[{"href":"https:\/\/lorga.es\/gl\/wp-json\/wp\/v2\/media?parent=846"}],"curies":[{"name":"wp","href":"https:\/\/api.w.org\/{rel}","templated":true}]}}